{"id":7805,"date":"2023-07-04T09:55:39","date_gmt":"2023-07-04T07:55:39","guid":{"rendered":"https:\/\/valladolidhomesuites.com\/home\/"},"modified":"2023-10-19T09:50:32","modified_gmt":"2023-10-19T07:50:32","slug":"home","status":"publish","type":"page","link":"https:\/\/valladolidhomesuites.com\/en\/","title":{"rendered":"Home"},"content":{"rendered":"<p>[et_pb_section fb_built=&#8221;1&#8243; custom_padding_last_edited=&#8221;on|desktop&#8221; admin_label=&#8221;Slider&#8221; module_class=&#8221;seccion seccion-home portada-web&#8221; _builder_version=&#8221;4.22.2&#8243; use_background_color_gradient=&#8221;on&#8221; background_color_gradient_stops=&#8221;rgba(255,255,255,0.2) 0%|rgba(255,255,255,0.2) 100%&#8221; background_color_gradient_overlays_image=&#8221;on&#8221; background_image=&#8221;https:\/\/valladolidhomesuites.com\/wp-content\/uploads\/2023\/06\/portada_turislasa.jpg&#8221; background_size=&#8221;initial&#8221; custom_padding=&#8221;250px||150px||false|false&#8221; custom_padding_tablet=&#8221;250px||100px||false|false&#8221; custom_padding_phone=&#8221;50px||50px||false|false&#8221; collapsed=&#8221;off&#8221; global_colors_info=&#8221;{}&#8221;][et_pb_row use_custom_gutter=&#8221;on&#8221; _builder_version=&#8221;4.22.2&#8243; width=&#8221;100%&#8221; max_width=&#8221;100%&#8221; custom_margin=&#8221;||||false|false&#8221; custom_padding=&#8221;||||false|false&#8221; global_colors_info=&#8221;{}&#8221;][et_pb_column type=&#8221;4_4&#8243; _builder_version=&#8221;4.19.5&#8243; global_colors_info=&#8221;{}&#8221;][et_pb_text admin_label=&#8221;Subtitular &#8211; Alquiler flexible&#8221; module_class=&#8221;tittualquilerflexible&#8221; _builder_version=&#8221;4.22.2&#8243; _module_preset=&#8221;default&#8221; text_font=&#8221;Butler|500||on|||||&#8221; text_text_color=&#8221;#FFFFFF&#8221; text_font_size=&#8221;45px&#8221; header_font=&#8221;Butler|600||on|||||&#8221; header_text_color=&#8221;#FFFFFF&#8221; header_font_size=&#8221;48px&#8221; text_orientation=&#8221;center&#8221; custom_margin=&#8221;||15px||false|false&#8221; custom_padding=&#8221;||0px||false|false&#8221; text_text_shadow_style=&#8221;preset5&#8243; text_text_shadow_horizontal_length=&#8221;0.05em&#8221; text_text_shadow_vertical_length=&#8221;0.05em&#8221; text_text_shadow_blur_strength=&#8221;0.05em&#8221; text_text_shadow_color=&#8221;rgba(42,42,41,0.85)&#8221; header_text_shadow_style=&#8221;preset5&#8243; header_text_shadow_horizontal_length=&#8221;0.05em&#8221; header_text_shadow_vertical_length=&#8221;0.05em&#8221; header_text_shadow_blur_strength=&#8221;0.05em&#8221; header_text_shadow_color=&#8221;#2A2A29&#8243; global_colors_info=&#8221;{}&#8221;]<\/p>\n<p>Your flexible rental<\/p>\n<p>[\/et_pb_text][et_pb_text admin_label=&#8221;Titular principal&#8221; _builder_version=&#8221;4.22.2&#8243; _module_preset=&#8221;default&#8221; header_text_align=&#8221;center&#8221; header_text_color=&#8221;#1B42AF&#8221; header_font_size=&#8221;22px&#8221; custom_padding=&#8221;|12px||12px|false|false&#8221; global_colors_info=&#8221;{}&#8221;]<\/p>\n<h1>Apartment rental in Valladolid<\/h1>\n<p>[\/et_pb_text][\/et_pb_column][\/et_pb_row][et_pb_row column_structure=&#8221;1_3,1_3,1_3&#8243; module_class=&#8221;fportada-btns&#8221; _builder_version=&#8221;4.21.0&#8243; _module_preset=&#8221;default&#8221; global_colors_info=&#8221;{}&#8221;][et_pb_column type=&#8221;1_3&#8243; _builder_version=&#8221;4.21.0&#8243; _module_preset=&#8221;default&#8221; global_colors_info=&#8221;{}&#8221;][et_pb_button button_url=&#8221;@ET-DC@eyJkeW5hbWljIjp0cnVlLCJjb250ZW50IjoicG9zdF9saW5rX3VybF9wYWdlIiwic2V0dGluZ3MiOnsicG9zdF9pZCI6IjYyMjkifX0=@&#8221; button_text=&#8221;Apartments&#8221; button_alignment=&#8221;right&#8221; button_alignment_tablet=&#8221;center&#8221; button_alignment_phone=&#8221;center&#8221; button_alignment_last_edited=&#8221;on|tablet&#8221; admin_label=&#8221;Btn. Apartamentos&#8221; _builder_version=&#8221;4.22.2&#8243; _dynamic_attributes=&#8221;button_url&#8221; _module_preset=&#8221;259d7fad-74e0-43b8-86f0-47f63283ce05&#8243; custom_button=&#8221;on&#8221; button_text_color=&#8221;#FFFFFF&#8221; button_bg_color=&#8221;#1B42AF&#8221; button_border_width=&#8221;0px&#8221; global_colors_info=&#8221;{}&#8221;][\/et_pb_button][\/et_pb_column][et_pb_column type=&#8221;1_3&#8243; _builder_version=&#8221;4.21.0&#8243; _module_preset=&#8221;default&#8221; global_colors_info=&#8221;{}&#8221;][et_pb_button button_url=&#8221;@ET-DC@eyJkeW5hbWljIjp0cnVlLCJjb250ZW50IjoicG9zdF9saW5rX3VybF9wYWdlIiwic2V0dGluZ3MiOnsicG9zdF9pZCI6IjYyMzEifX0=@&#8221; button_text=&#8221;Own Parking&#8221; button_alignment=&#8221;center&#8221; button_alignment_tablet=&#8221;center&#8221; button_alignment_phone=&#8221;center&#8221; button_alignment_last_edited=&#8221;on|tablet&#8221; admin_label=&#8221;Parking propio&#8221; _builder_version=&#8221;4.21.0&#8243; _dynamic_attributes=&#8221;button_url&#8221; _module_preset=&#8221;259d7fad-74e0-43b8-86f0-47f63283ce05&#8243; custom_button=&#8221;on&#8221; button_text_color=&#8221;#FFFFFF&#8221; button_bg_color=&#8221;#1B42AF&#8221; button_border_width=&#8221;0px&#8221; global_colors_info=&#8221;{}&#8221;][\/et_pb_button][\/et_pb_column][et_pb_column type=&#8221;1_3&#8243; _builder_version=&#8221;4.21.0&#8243; _module_preset=&#8221;default&#8221; global_colors_info=&#8221;{}&#8221;][et_pb_button button_url=&#8221;@ET-DC@eyJkeW5hbWljIjp0cnVlLCJjb250ZW50IjoicG9zdF9saW5rX3VybF9wYWdlIiwic2V0dGluZ3MiOnsicG9zdF9pZCI6IjYyMzMifX0=@&#8221; button_text=&#8221;Workspaces&#8221; button_alignment=&#8221;left&#8221; button_alignment_tablet=&#8221;center&#8221; button_alignment_phone=&#8221;center&#8221; button_alignment_last_edited=&#8221;on|tablet&#8221; admin_label=&#8221;Btn. Espacios&#8221; _builder_version=&#8221;4.21.0&#8243; _dynamic_attributes=&#8221;button_url&#8221; _module_preset=&#8221;259d7fad-74e0-43b8-86f0-47f63283ce05&#8243; custom_button=&#8221;on&#8221; button_text_color=&#8221;#FFFFFF&#8221; button_bg_color=&#8221;#1B42AF&#8221; button_border_width=&#8221;0px&#8221; global_colors_info=&#8221;{}&#8221;][\/et_pb_button][\/et_pb_column][\/et_pb_row][\/et_pb_section][et_pb_section fb_built=&#8221;1&#8243; admin_label=&#8221;Iframe Reservas &#8211; Apartamentos&#8221; module_class=&#8221;seccioninifotos&#8221; _builder_version=&#8221;4.22.1&#8243; _module_preset=&#8221;default&#8221; custom_margin=&#8221;0px||0px||false|false&#8221; custom_padding=&#8221;0px||0px||false|false&#8221; global_colors_info=&#8221;{}&#8221;][et_pb_row module_class=&#8221;fotostextos&#8221; _builder_version=&#8221;4.19.5&#8243; _module_preset=&#8221;default&#8221; global_colors_info=&#8221;{}&#8221;][et_pb_column type=&#8221;4_4&#8243; _builder_version=&#8221;4.19.5&#8243; _module_preset=&#8221;default&#8221; global_colors_info=&#8221;{}&#8221;][et_pb_text admin_label=&#8221;Iframe &#8211; Reservas&#8221; _builder_version=&#8221;4.22.2&#8243; _module_preset=&#8221;default&#8221; custom_margin=&#8221;0px||0px||false|false&#8221; custom_padding=&#8221;0px||0px||false|false&#8221; global_colors_info=&#8221;{}&#8221;]<iframe loading=\"lazy\" id=\"iframeapartaments\" src=\"https:\/\/reservas.valladolidhomesuites.com\/en_GB\/shop\/apartamento-1#attr=\" width=\"100%\" height=\"550\"><\/iframe>[\/et_pb_text][\/et_pb_column][\/et_pb_row][\/et_pb_section][et_pb_section fb_built=&#8221;1&#8243; module_class=&#8221;seccioninifotos&#8221; _builder_version=&#8221;4.19.5&#8243; _module_preset=&#8221;default&#8221; global_colors_info=&#8221;{}&#8221;][et_pb_row column_structure=&#8221;1_3,1_3,1_3&#8243; module_class=&#8221;fotostextos&#8221; _builder_version=&#8221;4.19.5&#8243; _module_preset=&#8221;default&#8221; global_colors_info=&#8221;{}&#8221;][et_pb_column type=&#8221;1_3&#8243; _builder_version=&#8221;4.19.5&#8243; _module_preset=&#8221;default&#8221; global_colors_info=&#8221;{}&#8221;][et_pb_blurb url=&#8221;@ET-DC@eyJkeW5hbWljIjp0cnVlLCJjb250ZW50IjoicG9zdF9saW5rX3VybF9wYWdlIiwic2V0dGluZ3MiOnsicG9zdF9pZCI6IjYyMjkifX0=@&#8221; content_max_width=&#8221;100%&#8221; admin_label=&#8221;Apartamentos&#8221; module_class=&#8221;apartamentosfotos banner-home&#8221; _builder_version=&#8221;4.22.2&#8243; _dynamic_attributes=&#8221;link_option_url,url&#8221; _module_preset=&#8221;default&#8221; header_text_align=&#8221;center&#8221; header_text_color=&#8221;#FFFFFF&#8221; header_font_size=&#8221;40px&#8221; body_font=&#8221;||||||||&#8221; body_text_align=&#8221;center&#8221; body_text_color=&#8221;#FFFFFF&#8221; background_color=&#8221;#1B42AF&#8221; background_image=&#8221;https:\/\/valladolidhomesuites.com\/wp-content\/uploads\/2023\/05\/N4B9372-scaled.jpg&#8221; custom_padding=&#8221;||||false|false&#8221; link_option_url=&#8221;@ET-DC@eyJkeW5hbWljIjp0cnVlLCJjb250ZW50IjoicG9zdF9saW5rX3VybF9wYWdlIiwic2V0dGluZ3MiOnsicG9zdF9pZCI6IjYyMjkifX0=@&#8221; global_colors_info=&#8221;{}&#8221;]<\/p>\n<p><strong style=\"font-size: 30px; font-family: butler;\">Apartments<\/strong><\/p>\n<p>Flexible rental of fully equipped flats for at least 7 days or for months.<\/p>\n<p>[\/et_pb_blurb][\/et_pb_column][et_pb_column type=&#8221;1_3&#8243; _builder_version=&#8221;4.19.5&#8243; _module_preset=&#8221;default&#8221; global_colors_info=&#8221;{}&#8221;][et_pb_blurb url=&#8221;@ET-DC@eyJkeW5hbWljIjp0cnVlLCJjb250ZW50IjoicG9zdF9saW5rX3VybF9wYWdlIiwic2V0dGluZ3MiOnsicG9zdF9pZCI6IjYyMzEifX0=@&#8221; content_max_width=&#8221;100%&#8221; admin_label=&#8221;Parking propio&#8221; module_class=&#8221;aparcamientosfotos banner-home&#8221; _builder_version=&#8221;4.21.0&#8243; _dynamic_attributes=&#8221;link_option_url,url&#8221; _module_preset=&#8221;default&#8221; header_text_align=&#8221;center&#8221; header_text_color=&#8221;#FFFFFF&#8221; header_font_size=&#8221;40px&#8221; body_font=&#8221;||||||||&#8221; body_text_align=&#8221;center&#8221; body_text_color=&#8221;#FFFFFF&#8221; background_color=&#8221;#1B42AF&#8221; background_image=&#8221;https:\/\/valladolidhomesuites.com\/wp-content\/uploads\/2023\/01\/PLAZAS-PARKING_02.redimensionada.jpg&#8221; custom_padding=&#8221;||||false|false&#8221; link_option_url=&#8221;@ET-DC@eyJkeW5hbWljIjp0cnVlLCJjb250ZW50IjoicG9zdF9saW5rX3VybF9wYWdlIiwic2V0dGluZ3MiOnsicG9zdF9pZCI6IjYyMzEifX0=@&#8221; global_colors_info=&#8221;{}&#8221;]<\/p>\n<p><strong style=\"font-size: 30px; font-family: butler;\">Car parkings<br \/><\/strong><\/p>\n<p>Renting parking spaces on a monthly or hourly basis.<\/p>\n<p>[\/et_pb_blurb][\/et_pb_column][et_pb_column type=&#8221;1_3&#8243; _builder_version=&#8221;4.19.5&#8243; _module_preset=&#8221;default&#8221; global_colors_info=&#8221;{}&#8221;][et_pb_blurb url=&#8221;@ET-DC@eyJkeW5hbWljIjp0cnVlLCJjb250ZW50IjoicG9zdF9saW5rX3VybF9wYWdlIiwic2V0dGluZ3MiOnsicG9zdF9pZCI6IjYyMzMifX0=@&#8221; content_max_width=&#8221;100%&#8221; admin_label=&#8221;Sitios&#8221; module_class=&#8221;espaciofotos banner-home&#8221; _builder_version=&#8221;4.19.5&#8243; _dynamic_attributes=&#8221;link_option_url,url&#8221; _module_preset=&#8221;default&#8221; header_text_align=&#8221;center&#8221; header_text_color=&#8221;#FFFFFF&#8221; header_font_size=&#8221;40px&#8221; body_font=&#8221;||||||||&#8221; body_text_align=&#8221;center&#8221; body_text_color=&#8221;#FFFFFF&#8221; background_color=&#8221;#1B42AF&#8221; background_image=&#8221;https:\/\/valladolidhomesuites.com\/wp-content\/uploads\/2023\/05\/N4B9436-scaled.jpg&#8221; custom_padding=&#8221;||||false|false&#8221; link_option_url=&#8221;@ET-DC@eyJkeW5hbWljIjp0cnVlLCJjb250ZW50IjoicG9zdF9saW5rX3VybF9wYWdlIiwic2V0dGluZ3MiOnsicG9zdF9pZCI6IjYyMzMifX0=@&#8221; global_colors_info=&#8221;{}&#8221;]<\/p>\n<p><strong style=\"font-size: 30px; font-family: butler;\">Workspaces<\/strong><\/p>\n<p>Book a space in the heart of Valladolid for your meetings or to expand the showcase of your company.<\/p>\n<p>[\/et_pb_blurb][\/et_pb_column][\/et_pb_row][\/et_pb_section][et_pb_section fb_built=&#8221;1&#8243; custom_padding_last_edited=&#8221;on|tablet&#8221; _builder_version=&#8221;4.21.0&#8243; _module_preset=&#8221;default&#8221; custom_padding_tablet=&#8221;0px||0px||false|false&#8221; custom_padding_phone=&#8221;0px||0px||false|false&#8221; global_colors_info=&#8221;{}&#8221;][et_pb_row admin_label=&#8221;Why to book with ValladolidHome Suites%22&#8243; _builder_version=&#8221;4.19.5&#8243; _module_preset=&#8221;default&#8221; global_colors_info=&#8221;{}&#8221;][et_pb_column type=&#8221;4_4&#8243; _builder_version=&#8221;4.19.5&#8243; _module_preset=&#8221;default&#8221; global_colors_info=&#8221;{}&#8221;][et_pb_text admin_label=&#8221;\u00bfPor qu\u00e9 reservar con ValladolidHome Suites?&#8221; module_class=&#8221;titporquereservar&#8221; _builder_version=&#8221;4.21.0&#8243; _module_preset=&#8221;default&#8221; text_font=&#8221;|600|||||||&#8221; text_text_color=&#8221;#1B42AF&#8221; text_font_size=&#8221;40px&#8221; header_2_font=&#8221;|600|||||||&#8221; header_2_text_color=&#8221;#1B42AF&#8221; header_2_font_size=&#8221;40px&#8221; header_2_line_height=&#8221;1.3em&#8221; text_orientation=&#8221;center&#8221; text_font_size_tablet=&#8221;40px&#8221; text_font_size_phone=&#8221;40px&#8221; text_font_size_last_edited=&#8221;on|desktop&#8221; header_2_font_size_tablet=&#8221;40px&#8221; header_2_font_size_phone=&#8221;&#8221; header_2_font_size_last_edited=&#8221;on|phone&#8221; global_colors_info=&#8221;{}&#8221;]<\/p>\n<h2 style=\"font-family: Butler; line-height: 1.2em;\">Why to book with ValladolidHome Suites?<\/h2>\n<p>[\/et_pb_text][\/et_pb_column][\/et_pb_row][et_pb_row column_structure=&#8221;1_3,1_3,1_3&#8243; _builder_version=&#8221;4.19.5&#8243; _module_preset=&#8221;default&#8221; global_colors_info=&#8221;{}&#8221;][et_pb_column type=&#8221;1_3&#8243; _builder_version=&#8221;4.19.5&#8243; _module_preset=&#8221;default&#8221; global_colors_info=&#8221;{}&#8221;][et_pb_blurb image=&#8221;https:\/\/valladolidhomesuites.com\/wp-content\/uploads\/2023\/05\/pc.png&#8221; alt=&#8221;Apartment rental in Valladolid, representative icon of online hiring&#8221; image_icon_width=&#8221;90px&#8221; admin_label=&#8221;Contrataci\u00f3n 100% Online&#8221; module_class=&#8221;pqcontratar pqc01&#8243; _builder_version=&#8221;4.22.2&#8243; _module_preset=&#8221;default&#8221; header_font=&#8221;Open Sans|700|||||||&#8221; header_text_align=&#8221;center&#8221; header_text_color=&#8221;#000000&#8243; header_font_size=&#8221;22px&#8221; header_line_height=&#8221;3em&#8221; body_font=&#8221;Open Sans|700|||||||&#8221; body_text_align=&#8221;center&#8221; body_text_color=&#8221;#000000&#8243; body_font_size=&#8221;22px&#8221; custom_margin=&#8221;||15px||false|false&#8221; custom_padding=&#8221;||||false|false&#8221; global_colors_info=&#8221;{}&#8221;]<\/p>\n<p>100% online booking<\/p>\n<p>[\/et_pb_blurb][et_pb_text admin_label=&#8221;Reserva y aceptaci\u00f3n del contrato digital&#8230;&#8221; _builder_version=&#8221;4.21.0&#8243; _module_preset=&#8221;default&#8221; text_font_size=&#8221;14px&#8221; text_orientation=&#8221;center&#8221; global_colors_info=&#8221;{}&#8221;]<\/p>\n<p>Reservation and acceptance of the digital contract.<br \/>Personalized invoicing with the corresponding issuing of invoices with VAT, and payment gateway for the management of receipts.<\/p>\n<p>[\/et_pb_text][\/et_pb_column][et_pb_column type=&#8221;1_3&#8243; _builder_version=&#8221;4.19.5&#8243; _module_preset=&#8221;default&#8221; global_colors_info=&#8221;{}&#8221;][et_pb_blurb image=&#8221;https:\/\/valladolidhomesuites.com\/wp-content\/uploads\/2023\/05\/calendariovbblc.png&#8221; alt=&#8221;Icon flexibility booking.&#8221; image_icon_width=&#8221;90px&#8221; admin_label=&#8221;Flexibilidad&#8221; module_class=&#8221;pqcontratar pqc02&#8243; _builder_version=&#8221;4.21.0&#8243; _module_preset=&#8221;default&#8221; header_font=&#8221;Open Sans|700|||||||&#8221; header_text_align=&#8221;center&#8221; header_text_color=&#8221;#000000&#8243; header_font_size=&#8221;22px&#8221; header_line_height=&#8221;3em&#8221; body_font=&#8221;Open Sans||||||||&#8221; body_text_align=&#8221;center&#8221; body_text_color=&#8221;#000000&#8243; body_font_size=&#8221;22px&#8221; custom_margin=&#8221;||15px||false|false&#8221; global_colors_info=&#8221;{}&#8221;]<\/p>\n<p><strong>Flexibility<\/strong><\/p>\n<p>[\/et_pb_blurb][et_pb_text admin_label=&#8221;En la contrataci\u00f3n de productos&#8230;&#8221; _builder_version=&#8221;4.19.5&#8243; _module_preset=&#8221;default&#8221; text_font_size=&#8221;14px&#8221; text_orientation=&#8221;center&#8221; global_colors_info=&#8221;{}&#8221;]<\/p>\n<p><strong style=\"font-weight: 600;\"><\/strong><strong style=\"font-weight: 600;\">contracting products<\/strong><br \/>Support of digital tools and face-to-face assistance from the ValladolidHome Suites team in all processes if required.<\/p>\n<p>[\/et_pb_text][\/et_pb_column][et_pb_column type=&#8221;1_3&#8243; _builder_version=&#8221;4.19.5&#8243; _module_preset=&#8221;default&#8221; global_colors_info=&#8221;{}&#8221;][et_pb_blurb image=&#8221;https:\/\/valladolidhomesuites.com\/wp-content\/uploads\/2023\/05\/thumbs-up.png&#8221; alt=&#8221;Icon optional services&#8221; image_icon_width=&#8221;90px&#8221; admin_label=&#8221;Servicios Opcionales&#8221; module_class=&#8221;pqcontratar pqc03&#8243; _builder_version=&#8221;4.21.0&#8243; _module_preset=&#8221;default&#8221; header_font=&#8221;Open Sans|700|||||||&#8221; header_text_align=&#8221;center&#8221; header_text_color=&#8221;#000000&#8243; header_font_size=&#8221;22px&#8221; header_line_height=&#8221;3em&#8221; body_font=&#8221;Open Sans||||||||&#8221; body_text_align=&#8221;center&#8221; body_text_color=&#8221;#000000&#8243; body_font_size=&#8221;22px&#8221; custom_margin=&#8221;||15px||false|false&#8221; global_colors_info=&#8221;{}&#8221;]<\/p>\n<p><strong>Optional services<\/strong><\/p>\n<p>[\/et_pb_blurb][et_pb_text admin_label=&#8221;Alquiler de plazas de garaje&#8230;&#8221; _builder_version=&#8221;4.19.5&#8243; _module_preset=&#8221;default&#8221; text_font_size=&#8221;14px&#8221; text_orientation=&#8221;center&#8221; global_colors_info=&#8221;{}&#8221;]<\/p>\n<p><strong style=\"font-weight: 600;\"><\/strong><strong style=\"font-weight: 600;\"><\/strong><strong style=\"font-weight: 600;\">Rental of parking spaces and workspaces.<\/strong><\/p>\n<p>[\/et_pb_text][\/et_pb_column][\/et_pb_row][\/et_pb_section][et_pb_section fb_built=&#8221;1&#8243; module_class=&#8221;NosPresentamos&#8221; _builder_version=&#8221;4.21.0&#8243; _module_preset=&#8221;default&#8221; use_background_color_gradient=&#8221;on&#8221; background_color_gradient_stops=&#8221;rgba(27,66,175,0.6) 0%|rgba(27,66,175,0.6) 100%&#8221; background_color_gradient_overlays_image=&#8221;on&#8221; background_image=&#8221;https:\/\/valladolidhomesuites.com\/wp-content\/uploads\/2023\/06\/bg-home-nospresentamos.png&#8221; global_colors_info=&#8221;{}&#8221;][et_pb_row _builder_version=&#8221;4.21.0&#8243; _module_preset=&#8221;default&#8221; global_colors_info=&#8221;{}&#8221;][et_pb_column type=&#8221;4_4&#8243; _builder_version=&#8221;4.21.0&#8243; _module_preset=&#8221;default&#8221; global_colors_info=&#8221;{}&#8221;][et_pb_text module_class=&#8221;subtitulo&#8221; _builder_version=&#8221;4.22.1&#8243; _module_preset=&#8221;default&#8221; text_font=&#8221;Butler|600|||||||&#8221; text_font_size=&#8221;42px&#8221; text_orientation=&#8221;center&#8221; background_layout=&#8221;dark&#8221; global_colors_info=&#8221;{}&#8221;]<\/p>\n<p>About us<\/p>\n<p>[\/et_pb_text][et_pb_text _builder_version=&#8221;4.22.1&#8243; _module_preset=&#8221;default&#8221; text_font=&#8221;||||||||&#8221; text_orientation=&#8221;center&#8221; background_layout=&#8221;dark&#8221; global_colors_info=&#8221;{}&#8221;]<\/p>\n<p><strong>ValladolidHome Suites<\/strong> belongs to a group of companies with extensive experience in the real estate rental sector and was created with the aim of entering with a fresh approach the rental market of flats, parking spaces, rooms and spaces for short or medium stay rentals in the downtown area.<\/p>\n<p>With a new approach in the rental of flats in Valladolid, we focus on offering completely refurbished properties, with luxury qualities and fully equipped with designer furniture. In our apartments the client can enjoy the latest technology aimed at their comfort such as virtual check-in and check-out and complementary services. <\/p>\n<p>We also offer maximum flexibility for renting parking spaces, rooms and spaces.<\/p>\n<p>[\/et_pb_text][\/et_pb_column][\/et_pb_row][\/et_pb_section][et_pb_section fb_built=&#8221;1&#8243; module_class=&#8221;valoraciones valoraciones-pie&#8221; _builder_version=&#8221;4.22.1&#8243; _module_preset=&#8221;default&#8221; custom_padding=&#8221;0px||||false|false&#8221; global_module=&#8221;7230&#8243; global_colors_info=&#8221;{}&#8221;][et_pb_row _builder_version=&#8221;4.19.3&#8243; _module_preset=&#8221;default&#8221; global_colors_info=&#8221;{}&#8221;][et_pb_column type=&#8221;4_4&#8243; _builder_version=&#8221;4.19.3&#8243; _module_preset=&#8221;default&#8221; global_colors_info=&#8221;{}&#8221;][et_pb_text admin_label=&#8221;Clientes a los que le encanta&#8230;&#8221; module_class=&#8221;subtitulo&#8221; _builder_version=&#8221;4.21.0&#8243; _module_preset=&#8221;default&#8221; text_text_color=&#8221;#1B42AF&#8221; text_font_size=&#8221;42px&#8221; text_line_height=&#8221;1.3em&#8221; text_orientation=&#8221;center&#8221; global_colors_info=&#8221;{}&#8221;]<\/p>\n<p>Customer opinions Valladolid Homes Suites<\/p>\n<p>[\/et_pb_text][et_pb_code admin_label=&#8221;M\u00f3dulo &#8211; Google My Business&#8221; _builder_version=&#8221;4.22.1&#8243; _module_preset=&#8221;default&#8221; global_colors_info=&#8221;{}&#8221;]<div id=\"google-business-reviews-rating\" class=\"google-business-reviews-rating gmbrr columns three\">\r\n\t<h2 class=\"heading\"><span class=\"icon\"><img decoding=\"async\" src=\"https:\/\/maps.gstatic.com\/mapfiles\/place_api\/icons\/v1\/png_71\/generic_business-71.png\" alt=\"ValladolidHome Suites - Alquiler de apartamentos para empresas en Valladolid Icon\"><\/span>ValladolidHome Suites - Alquiler de apartamentos para empresas en Valladolid<\/h2>\r\n\t<p class=\"vicinity\">C. de los Heroes de Alcantara, 4, Valladolid<\/p>\r\n\t<p class=\"rating\"><span class=\"number\">5.0<\/span> <span class=\"all-stars animate\"><span class=\"star\"><\/span><span class=\"star\"><\/span><span class=\"star\"><\/span><span class=\"star\"><\/span><span class=\"star\"><\/span><\/span> <a href=\"https:\/\/search.google.com\/local\/reviews?placeid=ChIJpybdiJFtRw0RZgA3_2e0s5Q\" target=\"_blank\" rel=\"nofollow noopener\" class=\"count\">20 reviews<\/a><\/p>\r\n<ul class=\"listing\">\r\n\t\t<li class=\"rating-5\" data-index=\"0\">\r\n\t\t\t<span class=\"author-avatar\"><a href=\"https:\/\/www.google.com\/maps\/contrib\/113308329851406096485\/reviews\" target=\"_blank\" rel=\"nofollow noopener\"><img decoding=\"async\" src=\"https:\/\/lh3.googleusercontent.com\/a\/ACg8ocLmq4mt7T_cEUTsnnUDurUzR5nrpnEo5L3C2hvUuTc5pPmGMw=s128-c0x00000000-cc-rp-mo\" alt=\"Avatar\"><\/a><\/span>\r\n\t\t\t<span class=\"review-meta\">\r\n\t\t\t\t<span class=\"author-name\"><a href=\"https:\/\/www.google.com\/maps\/contrib\/113308329851406096485\/reviews\" target=\"_blank\" rel=\"nofollow noopener\">Ignacio Brollo<\/a><\/span>\r\n\t\t\t\t<span class=\"rating\">\u2605\u2605\u2605\u2605\u2605<\/span>\r\n\t\t\t\t<span class=\"relative-time-description\">Hace 6 meses<\/span>\r\n\t\t\t<\/span>\r\n\t\t\t<div class=\"text text-excerpt\"><span class=\"review-snippet\">Nuestra estancia en el alojamiento de Valladolid Home Suites fue fant\u00e1stica. La ubicaci\u00f3n era perfecta,<\/span> <span class=\"review-more-placeholder\">\u2026 More<\/span><span class=\"review-full-text\"> cerca de restaurantes, museos y parques, en pleno casco hist\u00f3rico. El piso acogedor, amplio y limpio, y Ra\u00fal siempre estuvo disponible para responder nuestras preguntas y necesidades. \u00a1Muy recomendable!<\/span><\/div>\r\n\t\t<\/li>\r\n\t\t<li class=\"rating-5\" data-index=\"1\">\r\n\t\t\t<span class=\"author-avatar\"><a href=\"https:\/\/www.google.com\/maps\/contrib\/108720148412441221076\/reviews\" target=\"_blank\" rel=\"nofollow noopener\"><img decoding=\"async\" src=\"https:\/\/lh3.googleusercontent.com\/a-\/ALV-UjXERI2p-6xhxNlMTOQCJIQ-1Dsl5QNcx2le3Q0w-0XRU0izQA9i=s128-c0x00000000-cc-rp-mo\" alt=\"Avatar\"><\/a><\/span>\r\n\t\t\t<span class=\"review-meta\">\r\n\t\t\t\t<span class=\"author-name\"><a href=\"https:\/\/www.google.com\/maps\/contrib\/108720148412441221076\/reviews\" target=\"_blank\" rel=\"nofollow noopener\">Natalia Torrecilla<\/a><\/span>\r\n\t\t\t\t<span class=\"rating\">\u2605\u2605\u2605\u2605\u2605<\/span>\r\n\t\t\t\t<span class=\"relative-time-description\">Hace 5 meses<\/span>\r\n\t\t\t<\/span>\r\n\t\t\t<div class=\"text text-excerpt\"><span class=\"review-snippet\">El anfitri\u00f3n estuvo muy atento, la comunicaci\u00f3n fue inmejorable al igual que la estancia. El apartamento<\/span> <span class=\"review-more-placeholder\">\u2026 More<\/span><span class=\"review-full-text\"> es muy amplio y total totalmente equipado.<\/span><\/div>\r\n\t\t<\/li>\r\n\t\t<li class=\"rating-5\" data-index=\"2\">\r\n\t\t\t<span class=\"author-avatar\"><a href=\"https:\/\/www.google.com\/maps\/contrib\/112380669957269363263\/reviews\" target=\"_blank\" rel=\"nofollow noopener\"><img decoding=\"async\" src=\"https:\/\/lh3.googleusercontent.com\/a\/ACg8ocJHcn2zCWX1ar-9Kkeu16cm-cp2wy1nH0DdZfM_ZmExHttV6w=s128-c0x00000000-cc-rp-mo\" alt=\"Avatar\"><\/a><\/span>\r\n\t\t\t<span class=\"review-meta\">\r\n\t\t\t\t<span class=\"author-name\"><a href=\"https:\/\/www.google.com\/maps\/contrib\/112380669957269363263\/reviews\" target=\"_blank\" rel=\"nofollow noopener\">Ra\u00fal<\/a><\/span>\r\n\t\t\t\t<span class=\"rating\">\u2605\u2605\u2605\u2605\u2605<\/span>\r\n\t\t\t\t<span class=\"relative-time-description\">Hace 2 a\u00f1os<\/span>\r\n\t\t\t<\/span>\r\n\t\t\t<div class=\"text text-excerpt\"><span class=\"review-snippet\">Desde que reservamos el alojamiento en la aplicaci\u00f3n se pusieron en contacto conmigo y estuvieron atentos<\/span> <span class=\"review-more-placeholder\">\u2026 More<\/span><span class=\"review-full-text\"> a nuestras necesidades.<br>\n\t\t\t\t\u00cdbamos con dos ni\u00f1os peque\u00f1os y un beb\u00e9 y desde el minuto uno nos dieron facilidades para que nuestra estancia fuera perfecta.<br>\n\t\t\t\tAdem\u00e1s, durante la estancia, se preocuparon constantemente de que estuvi\u00e9semos a gusto.<br>\n\t\t\t\tEn cuanto al alojamiento hay poco que a\u00f1adir a lo que se ve en las fotos. Todo el apartamento est\u00e1 nuevo, con todas las comodidades que te puedas imaginar.<br>\n\t\t\t\tLa ubicaci\u00f3n, adem\u00e1s, es inmejorable, a la espalda de la Plaza Mayor pero en una calle peatonal tranquila y silenciosa, con todos los servicios a mano y los bares de tapas t\u00edpicos de Valladolid a un paso.<br>\n\t\t\t\tSin duda repetiremos cuando volvamos a<br>\n\t\t\t\tValladolid y se lo recomendaremos a nuestros amigos.<\/span><\/div>\r\n\t\t<\/li>\r\n\t\t<li class=\"rating-5\" data-index=\"3\">\r\n\t\t\t<span class=\"author-avatar\"><a href=\"https:\/\/www.google.com\/maps\/contrib\/110984097949281164286\/reviews\" target=\"_blank\" rel=\"nofollow noopener\"><img decoding=\"async\" src=\"https:\/\/lh3.googleusercontent.com\/a\/ACg8ocInA_ppqflBA4JeQWElyvdsje1hKnjHAQZt5g-rr566gylfWw=s128-c0x00000000-cc-rp-mo\" alt=\"Avatar\"><\/a><\/span>\r\n\t\t\t<span class=\"review-meta\">\r\n\t\t\t\t<span class=\"author-name\"><a href=\"https:\/\/www.google.com\/maps\/contrib\/110984097949281164286\/reviews\" target=\"_blank\" rel=\"nofollow noopener\">JUAN FERNANDO VALENCIA DUQUE<\/a><\/span>\r\n\t\t\t\t<span class=\"rating\">\u2605\u2605\u2605\u2605\u2605<\/span>\r\n\t\t\t\t<span class=\"relative-time-description\">Hace 2 a\u00f1os<\/span>\r\n\t\t\t<\/span>\r\n\t\t\t<div class=\"text text-excerpt\"><span class=\"review-snippet\">Apartamento espectacular, todo nuevo, amplio (cada habitaci\u00f3n ten\u00eda ba\u00f1o privado) y muuuy limpio.<br>\n\t\t\t\tUbicaci\u00f3n<\/span> <span class=\"review-more-placeholder\">\u2026 More<\/span><span class=\"review-full-text\"> ideal ya que la vivienda esta en pleno centro de Valladolid, al lado de la plaza mayor.<br>\n\t\t\t\tEl edificio cuenta con parking a un muy buen precio y los encargados del alquiler muy amables y atentos; incluso el conserje del inmueble nos trato como si llev\u00e1ramos viviendo ah\u00ed toda la vida.<br>\n\t\t\t\t100% recomendable.\u00f1<\/span><\/div>\r\n\t\t<\/li>\r\n\t\t<li class=\"rating-5\" data-index=\"4\">\r\n\t\t\t<span class=\"author-avatar\"><a href=\"https:\/\/www.google.com\/maps\/contrib\/107575039869961984138\/reviews\" target=\"_blank\" rel=\"nofollow noopener\"><img decoding=\"async\" src=\"https:\/\/lh3.googleusercontent.com\/a\/ACg8ocLLeiVacT1K1YbwjxlY8t3jrRBwCGTKtJJGO3YHXWdmyd7fqQ=s128-c0x00000000-cc-rp-mo\" alt=\"Avatar\"><\/a><\/span>\r\n\t\t\t<span class=\"review-meta\">\r\n\t\t\t\t<span class=\"author-name\"><a href=\"https:\/\/www.google.com\/maps\/contrib\/107575039869961984138\/reviews\" target=\"_blank\" rel=\"nofollow noopener\">Victoria Guenier<\/a><\/span>\r\n\t\t\t\t<span class=\"rating\">\u2605\u2605\u2605\u2605\u2605<\/span>\r\n\t\t\t\t<span class=\"relative-time-description\">Hace 6 meses<\/span>\r\n\t\t\t<\/span>\r\n\t\t\t<div class=\"text\">Hermoso lugar !! C\u00e9ntrico, muy c\u00f3modo. La atenci\u00f3n muy c\u00e1lida. Fue una excelente estad\u00eda!<\/div>\r\n\t\t<\/li>\r\n\t\t<li class=\"rating-5\" data-index=\"5\">\r\n\t\t\t<span class=\"author-avatar\"><a href=\"https:\/\/www.google.com\/maps\/contrib\/108152252023504920878\/reviews\" target=\"_blank\" rel=\"nofollow noopener\"><img decoding=\"async\" src=\"https:\/\/lh3.googleusercontent.com\/a-\/ALV-UjWQRR4KUILArxACNcmv9ULm7N-YfJjM5YRoHf68q-yw5afY_XPziQ=s128-c0x00000000-cc-rp-mo-ba4\" alt=\"Avatar\"><\/a><\/span>\r\n\t\t\t<span class=\"review-meta\">\r\n\t\t\t\t<span class=\"author-name\"><a href=\"https:\/\/www.google.com\/maps\/contrib\/108152252023504920878\/reviews\" target=\"_blank\" rel=\"nofollow noopener\">Teresa Abad<\/a><\/span>\r\n\t\t\t\t<span class=\"rating\">\u2605\u2605\u2605\u2605\u2605<\/span>\r\n\t\t\t\t<span class=\"relative-time-description\">a year ago<\/span>\r\n\t\t\t<\/span>\r\n\t\t\t<div class=\"text text-excerpt\"><span class=\"review-snippet\">El apartamento es perfecto para una familia, cuenta con todo lo necesario, es como estar en tu casa.<\/span> <span class=\"review-more-placeholder\">\u2026 More<\/span><span class=\"review-full-text\"> La ubicaci\u00f3n es perfecta si quieres estar en pleno centro de la ciudad. Cuenta con parking en el mismo edificio. La atenci\u00f3n y disposici\u00f3n de Ra\u00fal ha sido excelente durante toda la estancia.<\/span><\/div>\r\n\t\t<\/li>\r\n\t\t<li class=\"rating-5\" data-index=\"6\">\r\n\t\t\t<span class=\"author-avatar\"><a href=\"https:\/\/www.google.com\/maps\/contrib\/107140509294821473354\/reviews\" target=\"_blank\" rel=\"nofollow noopener\"><img decoding=\"async\" src=\"https:\/\/lh3.googleusercontent.com\/a\/ACg8ocIv14gXtwW7HEjyeVvYvVT8ySOFy9WPEFRMBWYhCEjWKAyijQ=s128-c0x00000000-cc-rp-mo\" alt=\"Avatar\"><\/a><\/span>\r\n\t\t\t<span class=\"review-meta\">\r\n\t\t\t\t<span class=\"author-name\"><a href=\"https:\/\/www.google.com\/maps\/contrib\/107140509294821473354\/reviews\" target=\"_blank\" rel=\"nofollow noopener\">Natalia Muro<\/a><\/span>\r\n\t\t\t\t<span class=\"rating\">\u2605\u2605\u2605\u2605\u2605<\/span>\r\n\t\t\t\t<span class=\"relative-time-description\">a year ago<\/span>\r\n\t\t\t<\/span>\r\n\t\t\t<div class=\"text text-excerpt\"><span class=\"review-snippet\">Busc\u00e1bamos un alojamiento por desplazamiento laboral  debido a  un par de proyectos en valladolid. Sin<\/span> <span class=\"review-more-placeholder\">\u2026 More<\/span><span class=\"review-full-text\"> duda la profesionalidad, la calidad de los apartamentos,  la comprensi\u00f3n y amabilidad del personal hace de esta decisi\u00f3n todo un acierto. Muy recomendable.<\/span><\/div>\r\n\t\t<\/li>\r\n\t\t<li class=\"rating-5\" data-index=\"7\">\r\n\t\t\t<span class=\"author-avatar\"><a href=\"https:\/\/www.google.com\/maps\/contrib\/113412416883082183572\/reviews\" target=\"_blank\" rel=\"nofollow noopener\"><img decoding=\"async\" src=\"https:\/\/lh3.googleusercontent.com\/a-\/ALV-UjW4OtsI-gU34iKQu2U9ZZj0zpKUxJ_gC-1xyfdP_FUnLQ=s128-c0x00000000-cc-rp-mo-ba4\" alt=\"Avatar\"><\/a><\/span>\r\n\t\t\t<span class=\"review-meta\">\r\n\t\t\t\t<span class=\"author-name\"><a href=\"https:\/\/www.google.com\/maps\/contrib\/113412416883082183572\/reviews\" target=\"_blank\" rel=\"nofollow noopener\">Marcos Arranz<\/a><\/span>\r\n\t\t\t\t<span class=\"rating\">\u2605\u2605\u2605\u2605\u2605<\/span>\r\n\t\t\t\t<span class=\"relative-time-description\">2 years ago<\/span>\r\n\t\t\t<\/span>\r\n\t\t\t<div class=\"text text-excerpt\"><span class=\"review-snippet\">Una excelente experiencia en nuestra estancia en Valladolid. La vivienda est\u00e1 reci\u00e9n reformada, con mucho<\/span> <span class=\"review-more-placeholder\">\u2026 More<\/span><span class=\"review-full-text\"> gusto, y con todas las comodidades, no falta de nada. Todo excepcionalmente limpio. La ubicaci\u00f3n es perfecta, junto a la calle Santiago y la Plaza Mayor, e incluso tiene plaza de garaje. Y el trato ha sido amable y atento desde la primera comunicaci\u00f3n. Aconsejo totalmente el alquiler con ValladolidHome Suites. Cuando volvamos a Valladolid ser\u00e1 nuestra primer\u00edsima opci\u00f3n.<\/span><\/div>\r\n\t\t<\/li>\r\n\t\t<li class=\"rating-5\" data-index=\"8\">\r\n\t\t\t<span class=\"author-avatar\"><a href=\"https:\/\/www.google.com\/maps\/contrib\/115181021353312114918\/reviews\" target=\"_blank\" rel=\"nofollow noopener\"><img decoding=\"async\" src=\"https:\/\/lh3.googleusercontent.com\/a-\/ALV-UjU3nmtgf6kkHIR0p4qESVzGc2g-1QxBkJAZ6aF9Z4TKuunnw1rG=s128-c0x00000000-cc-rp-mo\" alt=\"Avatar\"><\/a><\/span>\r\n\t\t\t<span class=\"review-meta\">\r\n\t\t\t\t<span class=\"author-name\"><a href=\"https:\/\/www.google.com\/maps\/contrib\/115181021353312114918\/reviews\" target=\"_blank\" rel=\"nofollow noopener\">Beatriz Jim\u00e9nez<\/a><\/span>\r\n\t\t\t\t<span class=\"rating\">\u2605\u2605\u2605\u2605\u2605<\/span>\r\n\t\t\t\t<span class=\"relative-time-description\">a year ago<\/span>\r\n\t\t\t<\/span>\r\n\t\t\t<div class=\"text text-excerpt\"><span class=\"review-snippet\">En nuestro caso hemos reservado una plaza de garaje para un d\u00eda, la ubicaci\u00f3n es perfecta si quieres<\/span> <span class=\"review-more-placeholder\">\u2026 More<\/span><span class=\"review-full-text\"> ver los puntos de interes de la ciudad y el trato inmejorable, Ra\u00fal ha estado atento en todo momento y nos ha puesto muy f\u00e1cil y c\u00f3moda la llegada y salida, por todo esto, lo recomiendo totalmente.<\/span><\/div>\r\n\t\t<\/li>\r\n\t\t<li class=\"rating-5\" data-index=\"9\">\r\n\t\t\t<span class=\"author-avatar\"><a href=\"https:\/\/www.google.com\/maps\/contrib\/101332177713223995401\/reviews\" target=\"_blank\" rel=\"nofollow noopener\"><img decoding=\"async\" src=\"https:\/\/lh3.googleusercontent.com\/a-\/ALV-UjXf9b-r8t2nfQw_PmsMgZTN141lg1GspgOIqXW_hb-njw=s128-c0x00000000-cc-rp-mo\" alt=\"Avatar\"><\/a><\/span>\r\n\t\t\t<span class=\"review-meta\">\r\n\t\t\t\t<span class=\"author-name\"><a href=\"https:\/\/www.google.com\/maps\/contrib\/101332177713223995401\/reviews\" target=\"_blank\" rel=\"nofollow noopener\">manu forner<\/a><\/span>\r\n\t\t\t\t<span class=\"rating\">\u2605\u2605\u2605\u2605\u2605<\/span>\r\n\t\t\t\t<span class=\"relative-time-description\">2 years ago<\/span>\r\n\t\t\t<\/span>\r\n\t\t\t<div class=\"text text-excerpt\"><span class=\"review-snippet\">El apartamento esta super bien situado, plenisimo centro y al lado de la plaza mayor. Materiales de primera<\/span> <span class=\"review-more-placeholder\">\u2026 More<\/span><span class=\"review-full-text\"> calidad, con las ultimas tecnologias y todas las comodidades. Muy muy recomendable<\/span><\/div>\r\n\t\t<\/li>\r\n\t\t<li class=\"rating-5\" data-index=\"10\">\r\n\t\t\t<span class=\"author-avatar\"><a href=\"https:\/\/www.google.com\/maps\/contrib\/110485494526214043225\/reviews\" target=\"_blank\" rel=\"nofollow noopener\"><img decoding=\"async\" src=\"https:\/\/lh3.googleusercontent.com\/a\/ACg8ocID-nJpYaRGI3mYZSafXrCRb4zBMthyFP-nfvSog0Xq6T5H4g=s128-c0x00000000-cc-rp-mo\" alt=\"Avatar\"><\/a><\/span>\r\n\t\t\t<span class=\"review-meta\">\r\n\t\t\t\t<span class=\"author-name\"><a href=\"https:\/\/www.google.com\/maps\/contrib\/110485494526214043225\/reviews\" target=\"_blank\" rel=\"nofollow noopener\">OSCAR GETE<\/a><\/span>\r\n\t\t\t\t<span class=\"rating\">\u2605\u2605\u2605\u2605\u2605<\/span>\r\n\t\t\t\t<span class=\"relative-time-description\">2 years ago<\/span>\r\n\t\t\t<\/span>\r\n\t\t\t<div class=\"text text-excerpt\"><span class=\"review-snippet\">Es un alojamiento perfecto en todos los sentidos, tanto por ubicacion, confort, decoracion, limpieza<\/span> <span class=\"review-more-placeholder\">\u2026 More<\/span><span class=\"review-full-text\"> y atencion del anfitrion<br>\n\t\t\t\t100% recomendable<\/span><\/div>\r\n\t\t<\/li>\r\n\t\t<li class=\"rating-5\" data-index=\"11\">\r\n\t\t\t<span class=\"author-avatar\"><a href=\"https:\/\/www.google.com\/maps\/contrib\/102082291664099471867\/reviews\" target=\"_blank\" rel=\"nofollow noopener\"><img decoding=\"async\" src=\"https:\/\/lh3.googleusercontent.com\/a\/ACg8ocLnrnuoC0C7ocKnCwsPb970wxw8qx2jl9JzV9NN5EYc=s128-c0x00000000-cc-rp-mo\" alt=\"Avatar\"><\/a><\/span>\r\n\t\t\t<span class=\"review-meta\">\r\n\t\t\t\t<span class=\"author-name\"><a href=\"https:\/\/www.google.com\/maps\/contrib\/102082291664099471867\/reviews\" target=\"_blank\" rel=\"nofollow noopener\">Susana Fernandez<\/a><\/span>\r\n\t\t\t\t<span class=\"rating\">\u2605\u2605\u2605\u2605\u2605<\/span>\r\n\t\t\t\t<span class=\"relative-time-description\">3 years ago<\/span>\r\n\t\t\t<\/span>\r\n\t\t\t<div class=\"text text-excerpt\">Todo perfecto!<br>\n\t\t\t\tApartamento incre\u00edble y ubicaci\u00f3n inmejorable.<br>\n\t\t\t\tTotalmente recomendable.<br>\n\t\t\t\tVolveremos\ud83d\ude0a<\/div>\r\n\t\t<\/li>\r\n\t\t<li class=\"rating-5\" data-index=\"12\">\r\n\t\t\t<span class=\"author-avatar\"><a href=\"https:\/\/www.google.com\/maps\/contrib\/116742832163766569228\/reviews\" target=\"_blank\" rel=\"nofollow noopener\"><img decoding=\"async\" src=\"https:\/\/lh3.googleusercontent.com\/a\/ACg8ocIOsctDm6JttDBegJQr3jK6DVZTYamf5mbv-VqyXlZk=s128-c0x00000000-cc-rp-mo\" alt=\"Avatar\"><\/a><\/span>\r\n\t\t\t<span class=\"review-meta\">\r\n\t\t\t\t<span class=\"author-name\"><a href=\"https:\/\/www.google.com\/maps\/contrib\/116742832163766569228\/reviews\" target=\"_blank\" rel=\"nofollow noopener\">Angel Martin Angel<\/a><\/span>\r\n\t\t\t\t<span class=\"rating\">\u2605\u2605\u2605\u2605\u2605<\/span>\r\n\t\t\t\t<span class=\"relative-time-description\">2 years ago<\/span>\r\n\t\t\t<\/span>\r\n\t\t\t<div class=\"text\">El alojamiento est\u00e1 muy bien, todo nuevo y muy bien situado.<\/div>\r\n\t\t<\/li>\r\n\t<\/ul>\r\n\t<p class=\"buttons\"><a href=\"https:\/\/search.google.com\/local\/reviews?placeid=ChIJpybdiJFtRw0RZgA3_2e0s5Q\" class=\"button view-reviews\" target=\"_blank\" rel=\"nofollow noopener\">Ver valoraciones en Google<\/a><\/p>\r\n\t<p class=\"attribution\"><span class=\"powered-by-google\" title=\"Powered by Google\"><\/span><\/p>\r\n<\/div>\r\n[\/et_pb_code][et_pb_text admin_label=&#8221;Sellos rese\u00f1as &#8211; OTAs&#8221; module_class=&#8221;otas-sellos&#8221; _builder_version=&#8221;4.22.1&#8243; _module_preset=&#8221;default&#8221; global_colors_info=&#8221;{}&#8221;]<\/p>\n<p><a title=\"See the most relevant opinions on Booking\" href=\"https:\/\/valladolidhomesuites.com\/blog\/general\/opiniones-booking\/\"><img decoding=\"async\" class=\"aligncenter wp-image-8323 size-medium\" title=\"See the most relevant opinions on Booking\" src=\"https:\/\/valladolidhomesuites.com\/wp-content\/uploads\/2023\/09\/booking-opiniones-300x214.png\" alt=\"Opinions on Booking\" width=\"300\" height=\"214\" srcset=\"https:\/\/valladolidhomesuites.com\/wp-content\/uploads\/2023\/09\/booking-opiniones-300x214.png 300w, https:\/\/valladolidhomesuites.com\/wp-content\/uploads\/2023\/09\/booking-opiniones.png 350w\" sizes=\"(max-width: 300px) 100vw, 300px\" \/><\/a><a href=\"https:\/\/valladolidhomesuites.com\/blog\/general\/opiniones-airbnb\/\"><img decoding=\"async\" class=\"wp-image-8317 size-medium aligncenter\" title=\"See most relevant reviews on Airbnb\" src=\"https:\/\/valladolidhomesuites.com\/wp-content\/uploads\/2023\/09\/airbnb-opiniones-300x214.png\" alt=\"airbnb reviews\" width=\"300\" height=\"214\" srcset=\"https:\/\/valladolidhomesuites.com\/wp-content\/uploads\/2023\/09\/airbnb-opiniones-300x214.png 300w, https:\/\/valladolidhomesuites.com\/wp-content\/uploads\/2023\/09\/airbnb-opiniones.png 350w\" sizes=\"(max-width: 300px) 100vw, 300px\" \/><\/a><a href=\"https:\/\/valladolidhomesuites.com\/blog\/general\/opiniones-vrbo\/\"><img decoding=\"async\" class=\"wp-image-8332 size-medium aligncenter\" title=\"See most relevant reviews on Vrbo\" src=\"https:\/\/valladolidhomesuites.com\/wp-content\/uploads\/2023\/09\/vrbo-opiniones-300x214.png\" alt=\"Reviews on Vrbo\" width=\"300\" height=\"214\" srcset=\"https:\/\/valladolidhomesuites.com\/wp-content\/uploads\/2023\/09\/vrbo-opiniones-300x214.png 300w, https:\/\/valladolidhomesuites.com\/wp-content\/uploads\/2023\/09\/vrbo-opiniones.png 350w\" sizes=\"(max-width: 300px) 100vw, 300px\" \/><\/a> <a href=\"https:\/\/valladolidhomesuites.com\/blog\/general\/opiniones-homyspace\/\"><img decoding=\"async\" class=\"wp-image-8329 size-medium aligncenter\" title=\"See most relevant opinions on Homyspace\" src=\"https:\/\/valladolidhomesuites.com\/wp-content\/uploads\/2023\/09\/homyspace-opiniones-300x214.png\" alt=\"Opinions on HomySpace\" width=\"300\" height=\"214\" srcset=\"https:\/\/valladolidhomesuites.com\/wp-content\/uploads\/2023\/09\/homyspace-opiniones-300x214.png 300w, https:\/\/valladolidhomesuites.com\/wp-content\/uploads\/2023\/09\/homyspace-opiniones.png 350w\" sizes=\"(max-width: 300px) 100vw, 300px\" \/><\/a> <a href=\"https:\/\/valladolidhomesuites.com\/blog\/general\/opiniones-homelike\/\"><img decoding=\"async\" class=\"wp-image-8326 size-medium aligncenter\" title=\"See most relevant opinions on Homelike\" src=\"https:\/\/valladolidhomesuites.com\/wp-content\/uploads\/2023\/09\/homelike-opiniones-300x214.png\" alt=\"Opinions on Homelike\" width=\"300\" height=\"214\" srcset=\"https:\/\/valladolidhomesuites.com\/wp-content\/uploads\/2023\/09\/homelike-opiniones-300x214.png 300w, https:\/\/valladolidhomesuites.com\/wp-content\/uploads\/2023\/09\/homelike-opiniones.png 350w\" sizes=\"(max-width: 300px) 100vw, 300px\" \/><\/a>  <a href=\"https:\/\/valladolidhomesuites.com\/blog\/general\/opiniones-apartool\/\"><img decoding=\"async\" class=\"wp-image-8320 size-medium aligncenter\" title=\"See the most relevant opinions in Apartool\" src=\"https:\/\/valladolidhomesuites.com\/wp-content\/uploads\/2023\/09\/apartool-opiniones-300x214.png\" alt=\"Opinions on Aparttool\" width=\"300\" height=\"214\" srcset=\"https:\/\/valladolidhomesuites.com\/wp-content\/uploads\/2023\/09\/apartool-opiniones-300x214.png 300w, https:\/\/valladolidhomesuites.com\/wp-content\/uploads\/2023\/09\/apartool-opiniones.png 350w\" sizes=\"(max-width: 300px) 100vw, 300px\" \/><\/a><\/p>\n<p>[\/et_pb_text][\/et_pb_column][\/et_pb_row][\/et_pb_section]<\/p>\n","protected":false},"excerpt":{"rendered":"<p>Your flexible rentalApartment rental in ValladolidApartments Flexible rental of fully equipped flats for at least 7 days or for months.Car parkings Renting parking spaces on a monthly or hourly basis.Workspaces Book a space in the heart of Valladolid for your meetings or to expand the showcase of your company.Why to book with ValladolidHome Suites?100% online [&hellip;]<\/p>\n","protected":false},"author":1,"featured_media":0,"parent":0,"menu_order":0,"comment_status":"closed","ping_status":"closed","template":"","meta":{"_et_pb_use_builder":"on","_et_pb_old_content":"","_et_gb_content_width":"","footnotes":""},"class_list":["post-7805","page","type-page","status-publish","hentry"],"_links":{"self":[{"href":"https:\/\/valladolidhomesuites.com\/en\/wp-json\/wp\/v2\/pages\/7805","targetHints":{"allow":["GET"]}}],"collection":[{"href":"https:\/\/valladolidhomesuites.com\/en\/wp-json\/wp\/v2\/pages"}],"about":[{"href":"https:\/\/valladolidhomesuites.com\/en\/wp-json\/wp\/v2\/types\/page"}],"author":[{"embeddable":true,"href":"https:\/\/valladolidhomesuites.com\/en\/wp-json\/wp\/v2\/users\/1"}],"replies":[{"embeddable":true,"href":"https:\/\/valladolidhomesuites.com\/en\/wp-json\/wp\/v2\/comments?post=7805"}],"version-history":[{"count":0,"href":"https:\/\/valladolidhomesuites.com\/en\/wp-json\/wp\/v2\/pages\/7805\/revisions"}],"wp:attachment":[{"href":"https:\/\/valladolidhomesuites.com\/en\/wp-json\/wp\/v2\/media?parent=7805"}],"curies":[{"name":"wp","href":"https:\/\/api.w.org\/{rel}","templated":true}]}}